{"id":421,"date":"2024-01-22T18:18:40","date_gmt":"2024-01-22T18:18:40","guid":{"rendered":"http:\/\/www.rutinautosiskola.hu\/?page_id=421"},"modified":"2024-03-22T12:38:13","modified_gmt":"2024-03-22T12:38:13","slug":"oktatas-2","status":"publish","type":"page","link":"https:\/\/rutinautosiskola.hu\/?page_id=421","title":{"rendered":"Oktat\u00e1s"},"content":{"rendered":"\n[et_pb_section fb_built=&#8221;1&#8243; _builder_version=&#8221;4.14.1&#8243; _module_preset=&#8221;default&#8221; global_colors_info=&#8221;{}&#8221;][et_pb_row _builder_version=&#8221;4.14.1&#8243; _module_preset=&#8221;default&#8221; global_colors_info=&#8221;{}&#8221;][et_pb_column type=&#8221;4_4&#8243; _builder_version=&#8221;4.14.1&#8243; _module_preset=&#8221;default&#8221; global_colors_info=&#8221;{}&#8221;][et_pb_text _builder_version=&#8221;4.14.1&#8243; _module_preset=&#8221;default&#8221; text_font=&#8221;Akaya Kanadaka|700||on|||||&#8221; text_font_size=&#8221;50px&#8221; text_letter_spacing=&#8221;4px&#8221; text_text_shadow_style=&#8221;preset1&#8243; global_colors_info=&#8221;{}&#8221;]<p style=\"text-align: center;\">Oktat\u00e1s<\/p>[\/et_pb_text][\/et_pb_column][\/et_pb_row][et_pb_row column_structure=&#8221;1_3,1_3,1_3&#8243; _builder_version=&#8221;4.14.1&#8243; _module_preset=&#8221;default&#8221; global_colors_info=&#8221;{}&#8221;][et_pb_column type=&#8221;1_3&#8243; _builder_version=&#8221;4.14.1&#8243; _module_preset=&#8221;default&#8221; global_colors_info=&#8221;{}&#8221;][et_pb_blurb title=&#8221;B kateg\u00f3ria (szem\u00e9lyg\u00e9pkocsi \u00e9s kisteherg\u00e9pkocsi)&#8221; image=&#8221;http:\/\/www.rutinautosiskola.hu\/wp-content\/uploads\/2023\/11\/auto.png&#8221; _builder_version=&#8221;4.14.1&#8243; _module_preset=&#8221;default&#8221; hover_enabled=&#8221;0&#8243; global_colors_info=&#8221;{}&#8221; sticky_enabled=&#8221;0&#8243;][\/et_pb_blurb][et_pb_tabs _builder_version=&#8221;4.14.1&#8243; _module_preset=&#8221;default&#8221; hover_enabled=&#8221;0&#8243; global_colors_info=&#8221;{}&#8221; transform_scale=&#8221;102%|102%&#8221; sticky_enabled=&#8221;0&#8243; box_shadow_style=&#8221;preset6&#8243; box_shadow_position=&#8221;outer&#8221; box_shadow_color=&#8221;#F0E68C&#8221;][et_pb_tab title=&#8221;A %22B%22 kateg\u00f3ria fogalma&#8221; _builder_version=&#8221;4.14.1&#8243; _module_preset=&#8221;default&#8221; hover_enabled=&#8221;0&#8243; sticky_enabled=&#8221;0&#8243;]<p>Nemzetk\u00f6zi kateg\u00f3ria. A \u201eB\u201d kateg\u00f3ri\u00e1ba tartozik a (forgalmi enged\u00e9ly bejegyz\u00e9se alapj\u00e1n) legfeljebb 3500 kg megengedett legnagyobb \u00f6sszt\u00f6meg\u0171, a vezet\u0151 \u00fcl\u00e9s\u00e9n k\u00edv\u00fcl legfeljebb 8 \u00e1lland\u00f3 \u00fcl\u0151hellyel rendelkez\u0151 g\u00e9pkocsi, amely lehet szem\u00e9lyg\u00e9pkocsi vagy kisteherg\u00e9pkocsi is. \u2013 Az ilyen g\u00e9pkocsival, \u201eB\u201d kateg\u00f3ri\u00e1s, nem kezd\u0151 vezet\u0151i enged\u00e9ly birtok\u00e1ban k\u00f6nny\u0171 (a forgalmi enged\u00e9lyb\u0151l meg\u00e1llap\u00edthat\u00f3an legfeljebb 750 kg megengedett legnagyobb \u00f6sszt\u00f6meg\u0171) p\u00f3tkocsit korl\u00e1toz\u00e1s n\u00e9lk\u00fcl szabad vontatni. Az \u00f6sszekapcsolt j\u00e1rm\u0171vek megengedett legnagyobb egy\u00fcttes \u00f6sszt\u00f6mege \u00edgy el\u00e9rheti a 4250 kg-ot.<\/p>\n<ul>\n<li>Neh\u00e9z (a forgalmi enged\u00e9lyb\u0151l meg\u00e1llap\u00edthat\u00f3an 750 kg-ot meghalad\u00f3 megengedett legnagyobb \u00f6sszt\u00f6meg\u0171) p\u00f3tkocsinak \u201eB\u201d kateg\u00f3ri\u00e1s, nem kezd\u0151 vezet\u0151i enged\u00e9llyel val\u00f3 vontat\u00e1s\u00e1hoz k\u00e9t felt\u00e9telnek kell teljes\u00fclnie: a neh\u00e9z p\u00f3tkocsi (forgalmi enged\u00e9lyb\u0151l meg\u00e1llap\u00edthat\u00f3) megengedett legnagyobb \u00f6sszt\u00f6mege nem haladja meg a von\u00f3 g\u00e9pkocsi (forgalmi enged\u00e9lyb\u0151l meg\u00e1llap\u00edthat\u00f3) saj\u00e1t t\u00f6meg\u00e9t, \u00e9s<\/li>\n<li>az \u00f6sszekapcsolt j\u00e1rm\u0171vek megengedett legnagyobb egy\u00fcttes \u00f6sszt\u00f6mege (vagyis a k\u00e9t forgalmi enged\u00e9lyb\u0151l meg\u00e1llap\u00edthat\u00f3 megengedett legnagyobb \u00f6sszt\u00f6megek \u00f6sszege) nem haladja meg a 3500 kg-ot.<\/li>\n<\/ul>[\/et_pb_tab][et_pb_tab title=&#8221;Milyen vezet\u0151i enged\u00e9llyel vezethet\u0151? (%22B%22)&#8221; _builder_version=&#8221;4.14.1&#8243; _module_preset=&#8221;default&#8221; global_colors_info=&#8221;{}&#8221;]<p>A &#8222;B&#8221; kateg\u00f3ri\u00e1ba tartoz\u00f3 j\u00e1rm\u0171vek csak &#8222;B&#8221; kateg\u00f3ri\u00e1ra \u00e9rv\u00e9nyes\u00edtett vezet\u0151i enged\u00e9llyel vezethet\u0151k. Ez a vezet\u0151i enged\u00e9ly a j\u00e1rm\u0171vezet\u0151 18. \u00e9let\u00e9v\u00e9nek bet\u00f6lt\u00e9s\u00e9ig csak belf\u00f6ld\u00f6n t\u00f6rt\u00e9n\u0151 j\u00e1rm\u0171vezet\u00e9sre jogos\u00edt.<\/p>[\/et_pb_tab][et_pb_tab title=&#8221;M\u00e9g milyen j\u00e1rm\u0171 vezet\u00e9s\u00e9re jogos\u00edt?&#8221; _builder_version=&#8221;4.14.1&#8243; _module_preset=&#8221;default&#8221; global_colors_info=&#8221;{}&#8221;]<p>A &#8222;B&#8221; kateg\u00f3ri\u00e1ba tartoz\u00f3 j\u00e1rm\u0171vek csak &#8222;B&#8221; kateg\u00f3ri\u00e1ra \u00e9rv\u00e9nyes\u00edtett vezet\u0151i enged\u00e9llyel vezethet\u0151k. Ez a vezet\u0151i enged\u00e9ly a j\u00e1rm\u0171vezet\u0151 18. \u00e9let\u00e9v\u00e9nek bet\u00f6lt\u00e9s\u00e9ig csak belf\u00f6ld\u00f6n t\u00f6rt\u00e9n\u0151 j\u00e1rm\u0171vezet\u00e9sre jogos\u00edt.<\/p>[\/et_pb_tab][et_pb_tab title=&#8221;A tanfolyamra val\u00f3 felv\u00e9tel felt\u00e9telei&#8221; _builder_version=&#8221;4.14.1&#8243; _module_preset=&#8221;default&#8221; global_colors_info=&#8221;{}&#8221;]<p>Tanfolyamra az vehet\u0151 fel, aki<\/p>\n<ul>\n<li>17 \u00e9ves, vagy ann\u00e1l legfeljebb 6 h\u00f3nappal fiatalabb;<\/li>\n<li>1. eg\u00e9szs\u00e9g\u00fcgyi csoportban eg\u00e9szs\u00e9gileg alkalmas;<\/li>\n<li>\u00edr\u00e1sbeli nyilatkozata alapj\u00e1n a 35\/2000. (XI. 30.) BM rendeletben meghat\u00e1rozott k\u00f6zleked\u00e9sbiztons\u00e1gi felt\u00e9teleknek megfelel;<\/li>\n<li>8 \u00e1ltal\u00e1nos\u00a0 osz\u00e1lty elv\u00e9gezte \u00e9s ezt bizonytv\u00e1nnyal, oklev\u00e9llel bizonny\u00edtja<\/li>\n<\/ul>[\/et_pb_tab][et_pb_tab title=&#8221;Vizsg\u00e1ra bocs\u00e1t\u00e1s felt\u00e9telei&#8221; _builder_version=&#8221;4.14.1&#8243; _module_preset=&#8221;default&#8221; global_colors_info=&#8221;{}&#8221;]<table border=\"1\" style=\"border-collapse: collapse; width: 100%;\">\n<tbody>\n<tr>\n<td style=\"width: 50%;\"><strong>Elm\u00e9leti vizsg\u00e1ra bocs\u00e1that\u00f3, aki:<\/strong><\/td>\n<td style=\"width: 50%;\"><strong>Gyakorlati vizsg\u00e1ra bocs\u00e1that\u00f3, aki:<\/strong><\/td>\n<\/tr>\n<tr>\n<td style=\"width: 50%;\">A tanfolyam elm\u00e9leti r\u00e9sz\u00e9t igazoltan elv\u00e9gezte;<\/td>\n<td style=\"width: 50%;\">Az \u00f6sszes elm\u00e9leti vizsgat\u00e1rgyb\u00f3l sikeresen vizsg\u00e1zott;<\/td>\n<\/tr>\n<tr>\n<td style=\"width: 50%;\">17 \u00e9ves, vagy ann\u00e1l legfeljebb h\u00e1rom h\u00f3nappal fiatalabb<\/td>\n<td style=\"width: 50%;\">17 \u00e9ves<\/td>\n<\/tr>\n<tr>\n<td style=\"width: 50%;\">A vizsga id\u0151pontj\u00e1ban is megfelel a tanfolyamra val\u00f3 felv\u00e9telre el\u0151\u00edrt t\u00f6bbi felt\u00e9telnek.<\/td>\n<td style=\"width: 50%;\">a k\u00f6telez\u0151 gyakorlati \u00f3r\u00e1kat igazoltan teljes\u00edtette<\/td>\n<\/tr>\n<tr>\n<td style=\"width: 50%;\">\u00a0<\/td>\n<td style=\"width: 50%;\">\n<p>a vizsga id\u0151pontj\u00e1ban is megfelel a tanfolyamra val\u00f3 felv\u00e9telre el\u0151\u00edrt t\u00f6bbi felt\u00e9telnek.<\/p>\n<\/td>\n<\/tr>\n<\/tbody>\n<\/table>[\/et_pb_tab][et_pb_tab title=&#8221;Kezd\u0151 vezet\u0151i enged\u00e9ly&#8221; _builder_version=&#8221;4.14.1&#8243; _module_preset=&#8221;default&#8221; global_colors_info=&#8221;{}&#8221;]<p>Az els\u0151k\u00e9nt szerzett nemzetk\u00f6zi kateg\u00f3ri\u00e1s vezet\u0151i enged\u00e9ly a vizsga napj\u00e1t\u00f3l sz\u00e1m\u00edtott k\u00e9t \u00e9vig kezd\u0151 vezet\u0151i enged\u00e9lynek min\u0151s\u00fcl.\u00a0<br \/>\u201eB\u201d kateg\u00f3ri\u00e1ra \u00e9rv\u00e9nyes\u00edtett kezd\u0151 vezet\u0151i enged\u00e9llyel p\u00f3tkocsi nem vontathat\u00f3.<\/p>[\/et_pb_tab][\/et_pb_tabs][\/et_pb_column][et_pb_column type=&#8221;1_3&#8243; _builder_version=&#8221;4.14.1&#8243; _module_preset=&#8221;default&#8221; global_colors_info=&#8221;{}&#8221;][et_pb_blurb title=&#8221;A1 kateg\u00f3ria (motorker\u00e9kp\u00e1r)&#8221; image=&#8221;http:\/\/www.rutinautosiskola.hu\/wp-content\/uploads\/2023\/11\/A1-motor.webp&#8221; _builder_version=&#8221;4.14.1&#8243; _module_preset=&#8221;default&#8221; global_colors_info=&#8221;{}&#8221;][\/et_pb_blurb][et_pb_tabs _builder_version=&#8221;4.14.1&#8243; _module_preset=&#8221;default&#8221; hover_enabled=&#8221;0&#8243; global_colors_info=&#8221;{}&#8221; border_width_all=&#8221;2px&#8221; sticky_enabled=&#8221;0&#8243; box_shadow_style=&#8221;preset6&#8243; box_shadow_position=&#8221;outer&#8221; box_shadow_color=&#8221;#F0E68C&#8221;][et_pb_tab title=&#8221;Az %22A1%22 alkateg\u00f3ria fogalma&#8221; _builder_version=&#8221;4.14.1&#8243; _module_preset=&#8221;default&#8221; hover_enabled=&#8221;0&#8243; sticky_enabled=&#8221;0&#8243;]<p id=\"pr756id\">Olyan k\u00e9tkerek\u0171 motorker\u00e9kp\u00e1r, amelynek teljes\u00edtm\u00e9nye a 11 kW-ot \u00e9s teljes\u00edtm\u00e9ny\/t\u00f6meg ar\u00e1nya a 0,1 kW\/kg-ot nem haladja meg, tov\u00e1bb\u00e1 legal\u00e1bb 90 km\/h sebess\u00e9g el\u00e9r\u00e9s\u00e9re alkalmas.<\/p>\n<p id=\"pr757id\">A bels\u0151\u00e9g\u00e9s\u0171 motor henger\u0171rtartalma legal\u00e1bb 120 cm3, elektromos meghajt\u00e1s eset\u00e9ben a teljes\u00edtm\u00e9ny\/t\u00f6meg ar\u00e1ny legal\u00e1bb 0,08 kW\/kg.<\/p>[\/et_pb_tab][et_pb_tab title=&#8221;Milyen vezet\u0151i enged\u00e9llyel vezethet\u0151? &#8221; _builder_version=&#8221;4.14.1&#8243; _module_preset=&#8221;default&#8221; global_colors_info=&#8221;{}&#8221;]<p>A\u201eA1\u201d alkateg\u00f3ri\u00e1ba tartoz\u00f3 j\u00e1rm\u0171vek az \u201eA1\u201d alkateg\u00f3ria, \u201eA\u201d kateg\u00f3ria \u00e9s \u201eA\u201d korl\u00e1tozott kateg\u00f3ria valamelyik\u00e9re \u00e9rv\u00e9nyes\u00edtett vezet\u0151i enged\u00e9llyel vezethet\u0151k.<\/p>[\/et_pb_tab][et_pb_tab title=&#8221;M\u00e9g milyen j\u00e1rm\u0171 vezet\u00e9s\u00e9re jogos\u00edt?&#8221; _builder_version=&#8221;4.14.1&#8243; _module_preset=&#8221;default&#8221; global_colors_info=&#8221;{}&#8221;]<p>A \u201eA1\u201d alkateg\u00f3ri\u00e1ra \u00e9rv\u00e9nyes\u00edtett vezet\u0151i enged\u00e9llyel vezethet\u0151 m\u00e9g \u2013 az orvosi \u00e9rv\u00e9nyess\u00e9g lej\u00e1rt\u00e1t k\u00f6vet\u0151en is, de legfeljebb az enged\u00e9ly ki\u00e1ll\u00edt\u00e1s\u00e1t k\u00f6vet\u0151 t\u00edz \u00e9vig \u2013 a seg\u00e9dmotoros ker\u00e9kp\u00e1r, a lass\u00fa j\u00e1rm\u0171 \u00e9s p\u00f3tkocsija, a kerti traktor \u00e9s az \u00e1llati er\u0151vel vont j\u00e1rm\u0171. Az 1998. janu\u00e1r 1-je el\u0151tt kiadott \u201eA1\u201d alkateg\u00f3ri\u00e1val a 125 cm3 henger\u0171rtartalmat meghalad\u00f3, de a 150 cm3 henger\u0171rtartalmat meg nem halad\u00f3 hajt\u00f3motorral ell\u00e1tott motorker\u00e9kp\u00e1rt is lehet vezetni.<\/p>[\/et_pb_tab][et_pb_tab title=&#8221;A tanfolyamra val\u00f3 felv\u00e9tel felt\u00e9telei&#8221; _builder_version=&#8221;4.14.1&#8243; _module_preset=&#8221;default&#8221; global_colors_info=&#8221;{}&#8221;]<p>Tanfolyamra az vehet\u0151 fel, aki<\/p>\n<ul>\n<li>16 \u00e9ves, vagy ann\u00e1l legfeljebb 6 h\u00f3nappal fiatalabb;<\/li>\n<li>1. eg\u00e9szs\u00e9g\u00fcgyi csoportban eg\u00e9szs\u00e9gileg alkalmas;<\/li>\n<li>\u00edr\u00e1sbeli nyilatkozata alapj\u00e1n a 35\/2000. (XI. 30.) BM rendeletben meghat\u00e1rozott k\u00f6zleked\u00e9sbiztons\u00e1gi felt\u00e9teleknek megfelel;<\/li>\n<\/ul>[\/et_pb_tab][et_pb_tab title=&#8221;Vizsg\u00e1ra bocs\u00e1t\u00e1s felt\u00e9telei&#8221; _builder_version=&#8221;4.14.1&#8243; _module_preset=&#8221;default&#8221; global_colors_info=&#8221;{}&#8221;]<table border=\"1\" style=\"border-collapse: collapse; width: 100%;\">\n<tbody>\n<tr>\n<td style=\"width: 50%;\"><strong>Elm\u00e9leti vizsg\u00e1ra bocs\u00e1that\u00f3, aki:<\/strong><\/td>\n<td style=\"width: 50%;\"><strong>Gyakorlati vizsg\u00e1ra bocs\u00e1that\u00f3, aki:<\/strong><\/td>\n<\/tr>\n<tr>\n<td style=\"width: 50%;\">A tanfolyam elm\u00e9leti r\u00e9sz\u00e9t igazoltan elv\u00e9gezte;<\/td>\n<td style=\"width: 50%;\">Az \u00f6sszes elm\u00e9leti vizsgat\u00e1rgyb\u00f3l sikeresen vizsg\u00e1zott;<\/td>\n<\/tr>\n<tr>\n<td style=\"width: 50%;\">16 \u00e9ves, vagy ann\u00e1l legfeljebb h\u00e1rom h\u00f3nappal fiatalabb<\/td>\n<td style=\"width: 50%;\">16 \u00e9ves<\/td>\n<\/tr>\n<tr>\n<td style=\"width: 50%;\">a vizsga id\u0151pontj\u00e1ban is megfelel a tanfolyamra val\u00f3 felv\u00e9telre el\u0151irt t\u00f6bbi felt\u00e9telnek<\/td>\n<td style=\"width: 50%;\">Forgalmi vizsg\u00e1hoz sikeres j\u00e1rm\u0171kezel\u00e9si vizsg\u00e1t tett.<\/td>\n<\/tr>\n<tr>\n<td style=\"width: 50%;\">\n<p>8 \u00e1ltal\u00e1nos\u00a0 osz\u00e1lty elv\u00e9gezte \u00e9s ezt bizonytv\u00e1nnyal, oklev\u00e9llel bizonny\u00edtja<\/p>\n<\/td>\n<td style=\"width: 50%;\">A vizsga id\u0151pontj\u00e1ban is megfelel a tanfolyamra val\u00f3 felv\u00e9telre el\u0151irt t\u00f6bbi felt\u00e9telnek.<\/td>\n<\/tr>\n<tr>\n<td style=\"width: 50%;\"><\/td>\n<td style=\"width: 50%;\">\n<p>A k\u00f6telez\u0151 gyakorlati \u00f3r\u00e1kat igazoltan teljes\u00edtette;<\/p>\n<\/td>\n<\/tr>\n<\/tbody>\n<\/table>[\/et_pb_tab][et_pb_tab title=&#8221;Kezd\u0151 vezet\u0151i enged\u00e9ly&#8221; _builder_version=&#8221;4.14.1&#8243; _module_preset=&#8221;default&#8221; global_colors_info=&#8221;{}&#8221;]<p>Az els\u0151k\u00e9nt szerzett nemzetk\u00f6zi kateg\u00f3ri\u00e1s vezet\u0151i enged\u00e9ly a vizsga napj\u00e1t\u00f3l sz\u00e1m\u00edtott k\u00e9t \u00e9vig kezd\u0151 vezet\u0151i enged\u00e9lynek min\u0151s\u00fcl. A kezd\u0151 vezet\u0151i enged\u00e9llyel motorker\u00e9kp\u00e1ron utas nem sz\u00e1ll\u00edthat\u00f3.<\/p>[\/et_pb_tab][\/et_pb_tabs][\/et_pb_column][et_pb_column type=&#8221;1_3&#8243; _builder_version=&#8221;4.14.1&#8243; _module_preset=&#8221;default&#8221; global_colors_info=&#8221;{}&#8221;][et_pb_blurb title=&#8221;A Kateg\u00f3ria&#8221; image=&#8221;http:\/\/www.rutinautosiskola.hu\/wp-content\/uploads\/2023\/11\/A-kategoria.png&#8221; _builder_version=&#8221;4.14.1&#8243; _module_preset=&#8221;default&#8221; hover_enabled=&#8221;0&#8243; global_colors_info=&#8221;{}&#8221; custom_padding=&#8221;||0px|||&#8221; sticky_enabled=&#8221;0&#8243;][\/et_pb_blurb][et_pb_tabs _builder_version=&#8221;4.14.1&#8243; _module_preset=&#8221;default&#8221; hover_enabled=&#8221;0&#8243; global_colors_info=&#8221;{}&#8221; box_shadow_style=&#8221;preset6&#8243; box_shadow_color=&#8221;#F0E68C&#8221; box_shadow_position=&#8221;outer&#8221; sticky_enabled=&#8221;0&#8243;][et_pb_tab title=&#8221;Az %22A%22 kateg\u00f3ria fogalma&#8221; _builder_version=&#8221;4.14.1&#8243; _module_preset=&#8221;default&#8221; hover_enabled=&#8221;0&#8243; sticky_enabled=&#8221;0&#8243;]<p>&#8222;A\u201d kateg\u00f3ri\u00e1ba tartoz\u00f3 oldalkocsi n\u00e9lk\u00fcli k\u00e9tkerek\u0171 motorker\u00e9kp\u00e1r, legal\u00e1bb 595 cm3 henger\u0171rtartalommal (amennyiben elektromos motorral van felszerelve, teljes\u00edtm\u00e9ny\/t\u00f6meg ar\u00e1nya legal\u00e1bb 0,25 kW\/kg), legal\u00e1bb 180 kg terheletlen t\u00f6meggel \u00e9s legal\u00e1bb 50 kW motorteljes\u00edtm\u00e9nnyel.<\/p>[\/et_pb_tab][et_pb_tab title=&#8221;Milyen vezet\u0151i enged\u00e9llyel vezethet\u0151? &#8221; _builder_version=&#8221;4.14.1&#8243; _module_preset=&#8221;default&#8221; hover_enabled=&#8221;0&#8243; global_colors_info=&#8221;{}&#8221; sticky_enabled=&#8221;0&#8243;]<p>Az \u201eA\u201d kateg\u00f3ri\u00e1ba tartoz\u00f3 j\u00e1rm\u0171vek csak \u201eA\u201d kateg\u00f3ri\u00e1ra \u00e9rv\u00e9nyes\u00edtett vezet\u0151i enged\u00e9llyel vezethet\u0151k<\/p>[\/et_pb_tab][et_pb_tab title=&#8221;M\u00e9g milyen j\u00e1rm\u0171 vezet\u00e9s\u00e9re jogos\u00edt?&#8221; _builder_version=&#8221;4.14.1&#8243; _module_preset=&#8221;default&#8221; global_colors_info=&#8221;{}&#8221;]<p>Az \u201eA\u201d kateg\u00f3ri\u00e1ra \u00e9rv\u00e9nyes\u00edtett vezet\u0151i enged\u00e9llyel vezethet\u0151 m\u00e9g az \u201eA\u201d korl\u00e1tozott kateg\u00f3ri\u00e1ba \u00e9s az \u201eA1\u201d alkateg\u00f3ri\u00e1ba tartoz\u00f3 motorker\u00e9kp\u00e1r, valamint \u2013 az orvosi \u00e9rv\u00e9nyess\u00e9g lej\u00e1rt\u00e1t k\u00f6vet\u0151en is, de legfeljebb az enged\u00e9ly ki\u00e1ll\u00edt\u00e1s\u00e1t k\u00f6vet\u0151 t\u00edz \u00e9vig \u2013 a seg\u00e9dmotoros ker\u00e9kp\u00e1r, a lass\u00fa j\u00e1rm\u0171 \u00e9s p\u00f3tkocsija, a kerti traktor \u00e9s az \u00e1llati er\u0151vel vont j\u00e1rm\u0171.<\/p>[\/et_pb_tab][et_pb_tab title=&#8221;A tanfolyamra val\u00f3 felv\u00e9tel felt\u00e9telei&#8221; _builder_version=&#8221;4.14.1&#8243; _module_preset=&#8221;default&#8221; hover_enabled=&#8221;0&#8243; global_colors_info=&#8221;{}&#8221; sticky_enabled=&#8221;0&#8243;]<p>Tanfolyamra az vehet\u0151 fel, aki<\/p>\n<ul>\n<li>legal\u00e1bb 2 \u00e9ve \u00e9rv\u00e9nyes \u201eA1\u201d alkateg\u00f3ri\u00e1s vagy \u201eA\u201d korl\u00e1tozott kateg\u00f3ri\u00e1s vezet\u0151i enged\u00e9llyel rendelkezik, vagy<\/li>\n<li>2 \u00e9vn\u00e9l r\u00f6videbb ideje, vagy egy\u00e1ltal\u00e1n nem rendelkezik \u00e9rv\u00e9nyes \u201eA1\u201d alkateg\u00f3ri\u00e1s vagy \u201eA\u201d korl\u00e1tozott kateg\u00f3ri\u00e1s vezet\u0151i enged\u00e9llyel, \u00e9s bet\u00f6lt\u00f6tte a 21. \u00e9let\u00e9v\u00e9t, vagy ann\u00e1l legfeljebb 6 h\u00f3nappal fiatalabb;<\/li>\n<li>1. eg\u00e9szs\u00e9g\u00fcgyi csoportban eg\u00e9szs\u00e9gileg alkalmas;<\/li>\n<li>\u00edr\u00e1sbeli nyilatkozata alapj\u00e1n a 35\/2000. (XI. 30.) BM rendeletben meghat\u00e1rozott k\u00f6zleked\u00e9sbiztons\u00e1gi felt\u00e9teleknek megfelel;<\/li>\n<li>\u00edrni, olvasni tud.<\/li>\n<\/ul>[\/et_pb_tab][et_pb_tab title=&#8221;Vizsg\u00e1ra bocs\u00e1t\u00e1s felt\u00e9telei&#8221; _builder_version=&#8221;4.14.1&#8243; _module_preset=&#8221;default&#8221; global_colors_info=&#8221;{}&#8221;]<p>&nbsp;<\/p>\n<table border=\"1\" style=\"border-collapse: collapse; width: 100%; height: 672px;\">\n<tbody>\n<tr style=\"height: 72px;\">\n<td style=\"width: 50%; height: 72px;\"><strong>Elm\u00e9leti vizsg\u00e1ra bocs\u00e1that\u00f3, aki:<\/strong><\/td>\n<td style=\"width: 50%; height: 72px;\"><strong>Gyakorlati vizsg\u00e1ra bocs\u00e1that\u00f3, aki:<\/strong><\/td>\n<\/tr>\n<tr style=\"height: 144px;\">\n<td style=\"width: 50%; height: 144px;\">Bet\u00f6lt\u00f6tte a 24. \u00e9let\u00e9v\u00e9t, vagy ann\u00e1l legfeljebb h\u00e1rom h\u00f3nappal fiatalabb<\/td>\n<td style=\"width: 50%; height: 144px;\">Az \u00f6sszes elm\u00e9leti vizsgat\u00e1rgyb\u00f3l sikeresen vizsg\u00e1zott (amennyiben elm\u00e9leti vizsg\u00e1ra k\u00f6telezett)<\/td>\n<\/tr>\n<tr>\n<td style=\"width: 50%;\">A tanfolyam elm\u00e9leti r\u00e9sz\u00e9t igazoltan elv\u00e9gezte<\/td>\n<td style=\"width: 50%;\">Legal\u00e1bb 2 \u00e9ve \u00e9rv\u00e9nyes \u201eA1\u201d alkateg\u00f3ri\u00e1s vagy \u201eA\u201d korl\u00e1tozott kateg\u00f3ri\u00e1s vezet\u0151i enged\u00e9llyel rendelkezik, \u00e9s bet\u00f6lt\u00f6tte a 18. \u00e9let\u00e9v\u00e9t, vagy<\/td>\n<\/tr>\n<tr>\n<td style=\"width: 50%;\">A vizsga id\u0151pontj\u00e1ban is megfelel a tanfolyamra val\u00f3 felv\u00e9telre el\u0151\u00edrt t\u00f6bbi felt\u00e9telnek.<\/td>\n<td style=\"width: 50%;\">Ha nem rendelkezik legal\u00e1bb 2 \u00e9ve \u00e9rv\u00e9nyes \u201eA1\u201d vagy \u201eA\u201d korl\u00e1tozott vezet\u0151i enged\u00e9llyel, bet\u00f6lt\u00f6tte a 21. \u00e9let\u00e9v\u00e9t<\/td>\n<\/tr>\n<tr style=\"height: 216px;\">\n<td style=\"width: 50%; height: 216px;\"><\/td>\n<td style=\"width: 50%; height: 216px;\">K\u00f6telez\u0151 gyakorlati \u00f3r\u00e1kat igazoltan teljes\u00edtette<\/td>\n<\/tr>\n<tr style=\"height: 168px;\">\n<td style=\"width: 50%; height: 168px;\"><\/td>\n<td style=\"width: 50%; height: 168px;\">A vizsga id\u0151pontj\u00e1ban is megfelel a tanfolyamra val\u00f3 felv\u00e9telre el\u0151\u00edrt t\u00f6bbi felt\u00e9telnek;<\/td>\n<\/tr>\n<tr style=\"height: 72px;\">\n<td style=\"width: 50%; height: 72px;\"><\/td>\n<td style=\"width: 50%; height: 72px;\">\n<p>A forgalmi vizsg\u00e1hoz sikeres j\u00e1rm\u0171kezel\u00e9si vizsg\u00e1t tett.<\/p>\n<\/td>\n<\/tr>\n<\/tbody>\n<\/table>[\/et_pb_tab][et_pb_tab title=&#8221;Kezd\u0151 vezet\u0151i enged\u00e9ly&#8221; _builder_version=&#8221;4.14.1&#8243; _module_preset=&#8221;default&#8221; global_colors_info=&#8221;{}&#8221;]<p>Az els\u0151k\u00e9nt szerzett nemzetk\u00f6zi kateg\u00f3ri\u00e1s vezet\u0151i enged\u00e9ly a vizsga napj\u00e1t\u00f3l sz\u00e1m\u00edtott k\u00e9t \u00e9vig kezd\u0151 vezet\u0151i enged\u00e9lynek min\u0151s\u00fcl.\u00a0<br \/>\u201eB\u201d kateg\u00f3ri\u00e1ra \u00e9rv\u00e9nyes\u00edtett kezd\u0151 vezet\u0151i enged\u00e9llyel p\u00f3tkocsi nem vontathat\u00f3.<\/p>[\/et_pb_tab][\/et_pb_tabs][\/et_pb_column][\/et_pb_row][\/et_pb_section]\n","protected":false},"excerpt":{"rendered":"<p>Oktat\u00e1sNemzetk\u00f6zi kateg\u00f3ria. A \u201eB\u201d kateg\u00f3ri\u00e1ba tartozik a (forgalmi enged\u00e9ly bejegyz\u00e9se alapj\u00e1n) legfeljebb 3500 kg megengedett legnagyobb \u00f6sszt\u00f6meg\u0171, a vezet\u0151 \u00fcl\u00e9s\u00e9n k\u00edv\u00fcl legfeljebb 8 \u00e1lland\u00f3 \u00fcl\u0151hellyel rendelkez\u0151 g\u00e9pkocsi, amely lehet szem\u00e9lyg\u00e9pkocsi vagy kisteherg\u00e9pkocsi is. \u2013 Az ilyen g\u00e9pkocsival, \u201eB\u201d kateg\u00f3ri\u00e1s, nem kezd\u0151 vezet\u0151i enged\u00e9ly birtok\u00e1ban k\u00f6nny\u0171 (a forgalmi enged\u00e9lyb\u0151l meg\u00e1llap\u00edthat\u00f3an legfeljebb 750 kg megengedett legnagyobb \u00f6sszt\u00f6meg\u0171) [&hellip;]<\/p>\n","protected":false},"author":1,"featured_media":0,"parent":0,"menu_order":0,"comment_status":"closed","ping_status":"closed","template":"","meta":{"_et_pb_use_builder":"on","_et_pb_old_content":"","_et_gb_content_width":"","footnotes":""},"class_list":["post-421","page","type-page","status-publish","hentry"],"_links":{"self":[{"href":"https:\/\/rutinautosiskola.hu\/index.php?rest_route=\/wp\/v2\/pages\/421","targetHints":{"allow":["GET"]}}],"collection":[{"href":"https:\/\/rutinautosiskola.hu\/index.php?rest_route=\/wp\/v2\/pages"}],"about":[{"href":"https:\/\/rutinautosiskola.hu\/index.php?rest_route=\/wp\/v2\/types\/page"}],"author":[{"embeddable":true,"href":"https:\/\/rutinautosiskola.hu\/index.php?rest_route=\/wp\/v2\/users\/1"}],"replies":[{"embeddable":true,"href":"https:\/\/rutinautosiskola.hu\/index.php?rest_route=%2Fwp%2Fv2%2Fcomments&post=421"}],"version-history":[{"count":9,"href":"https:\/\/rutinautosiskola.hu\/index.php?rest_route=\/wp\/v2\/pages\/421\/revisions"}],"predecessor-version":[{"id":567,"href":"https:\/\/rutinautosiskola.hu\/index.php?rest_route=\/wp\/v2\/pages\/421\/revisions\/567"}],"wp:attachment":[{"href":"https:\/\/rutinautosiskola.hu\/index.php?rest_route=%2Fwp%2Fv2%2Fmedia&parent=421"}],"curies":[{"name":"wp","href":"https:\/\/api.w.org\/{rel}","templated":true}]}}